{"id":12039,"date":"2025-09-03T12:42:40","date_gmt":"2025-09-03T12:42:40","guid":{"rendered":"https:\/\/new.space-collection.org\/?post_type=artistes-space&#038;p=12039"},"modified":"2025-09-03T12:43:37","modified_gmt":"2025-09-03T12:43:37","slug":"jacques-louis-nyst","status":"publish","type":"artistes-space","link":"https:\/\/space-collection.org\/en\/artistes-space\/jacques-louis-nyst\/","title":{"rendered":"Jacques-Louis Nyst"},"content":{"rendered":"","protected":false},"featured_media":0,"template":"","meta":{"biographie":"<p data-start=\"40\" data-end=\"191\"><span class=\"relative -mx-px my-[-0.2rem] rounded px-px py-[0.2rem] transition-colors duration-100 ease-in-out\"><img class=\"alignright wp-image-12040\" src=\"https:\/\/new.space-collection.org\/wp-content\/uploads\/2025\/09\/JLNYST-300x214.jpg\" alt=\"\" width=\"600\" height=\"429\" \/><\/span><\/p>\n<p data-start=\"40\" data-end=\"191\"><span class=\"relative -mx-px my-[-0.2rem] rounded px-px py-[0.2rem] transition-colors duration-100 ease-in-out\">Jacques Louis Nyst (1942\u20131996) \u00e9tait un artiste belge pionnier dans le domaine<\/span><span class=\"relative -mx-px my-[-0.2rem] rounded px-px py-[0.2rem] transition-colors duration-100 ease-in-out\"> de la vid\u00e9ographie et de l\u2019art conceptuel.<\/span> <span class=\"relative -mx-px my-[-0.2rem] rounded px-px py-[0.2rem] transition-colors duration-100 ease-in-out\">N\u00e9 \u00e0 Li\u00e8ge, il a \u00e9t\u00e9 form\u00e9 \u00e0 l\u2019Acad\u00e9mie royale desBeaux-Arts de Saint-Ferdinand \u00e0 Madrid et \u00e0 l\u2019Acad\u00e9mie des beaux-arts de Li\u00e8ge, o\u00f9\u00a0<\/span><span class=\"relative -mx-px my-[-0.2rem] rounded px-px py-[0.2rem] transition-colors duration-100 ease-in-out\">il a \u00e9galement enseign\u00e9 le dessin et fond\u00e9 le premier atelier de vid\u00e9o d\u2019art en Belgique francophone.<\/span><\/p>\n<p data-start=\"193\" data-end=\"433\"><span class=\"relative -mx-px my-[-0.2rem] rounded px-px py-[0.2rem] transition-colors duration-100 ease-in-out\">\u00c0 partir des ann\u00e9es 1970, Nyst a explor\u00e9 les fronti\u00e8res entre peinture, photographie, \u00e9criture et vid\u00e9o.<\/span> <span class=\"relative -mx-px my-[-0.2rem] rounded px-px py-[0.2rem] transition-colors duration-100 ease-in-out\">Il a notamment collabor\u00e9 avec son \u00e9pouse, Dani\u00e8le Nyst, \u00e0 partir de 1983<\/span> . <span class=\"relative -mx-px my-[-0.2rem] rounded px-px py-[0.2rem] transition-colors duration-100 ease-in-out\">Leurs \u0153uvres ont \u00e9t\u00e9 expos\u00e9es dans des institutions prestigieuses telles que le Mus\u00e9e d\u2019Art Moderne de New York, le Centre Pompidou \u00e0 Paris, le Stedelijk Museum \u00e0 Amsterdam et le Palais des Beaux-Arts \u00e0 Bruxelles.<\/span><\/p>\n<p data-start=\"435\" data-end=\"635\"><span class=\"relative -mx-px my-[-0.2rem] rounded px-px py-[0.2rem] transition-colors duration-100 ease-in-out\">L\u2019une de ses \u0153uvres embl\u00e9matiques est <em data-start=\"38\" data-end=\"47\">L\u2019objet<\/em> (1974), une vid\u00e9o de 11 minutes qui explore la transformation d\u2019un objet quotidien en une entit\u00e9 po\u00e9tique<\/span> . <span class=\"relative -mx-px my-[-0.2rem] rounded px-px py-[0.2rem] transition-colors duration-100 ease-in-out\">Cette \u0153uvre illustre sa d\u00e9marche artistique, o\u00f9 l\u2019image devient un mot et le mot une image, remettant en question les perceptions habituelles de la r\u00e9alit\u00e9.<\/span><\/p>\n<p data-start=\"637\" data-end=\"796\"><span class=\"relative -mx-px my-[-0.2rem] rounded px-px py-[0.2rem] transition-colors duration-100 ease-in-out\">Jacques Louis Nyst est d\u00e9c\u00e9d\u00e9 le 11 mars 1996 \u00e0 Sprimont.<\/span><\/p>\n"},"class_list":["post-12039","artistes-space","type-artistes-space","status-publish"],"_links":{"self":[{"href":"https:\/\/space-collection.org\/en\/wp-json\/wp\/v2\/artistes-space\/12039","targetHints":{"allow":["GET"]}}],"collection":[{"href":"https:\/\/space-collection.org\/en\/wp-json\/wp\/v2\/artistes-space"}],"about":[{"href":"https:\/\/space-collection.org\/en\/wp-json\/wp\/v2\/types\/artistes-space"}],"version-history":[{"count":1,"href":"https:\/\/space-collection.org\/en\/wp-json\/wp\/v2\/artistes-space\/12039\/revisions"}],"predecessor-version":[{"id":12043,"href":"https:\/\/space-collection.org\/en\/wp-json\/wp\/v2\/artistes-space\/12039\/revisions\/12043"}],"wp:attachment":[{"href":"https:\/\/space-collection.org\/en\/wp-json\/wp\/v2\/media?parent=12039"}],"curies":[{"name":"wp","href":"https:\/\/api.w.org\/{rel}","templated":true}]}}